{"id":9164,"date":"2021-01-09T13:40:25","date_gmt":"2021-01-09T12:40:25","guid":{"rendered":"https:\/\/www.telemarkmuseum.no\/kittelsenhuset\/"},"modified":"2025-09-22T13:45:46","modified_gmt":"2025-09-22T11:45:46","slug":"kittelsenhuset","status":"publish","type":"page","link":"https:\/\/www.telemarkmuseum.no\/en\/kittelsenhuset\/","title":{"rendered":"The Kittelsen House"},"content":{"rendered":"\n\n<section class=\"lead grid-12 side-padding\">\n\n    <div>\n        <p>Open 2026:\u00a0 20 June &#8211; 16 August 11 &#8211; 17 (Closed Mondays)<\/p>\n    <\/div>\n    \n<\/section>\n\n\n<section id=\"event-container\" class=\"posts dark elements bg\" data-post-type=\"exhibitions\" data-offset=\"3\" data-tax-query=\"\" data-ppp=\"3\">\n\n    \n    <div class=\"grid row side-padding rg-85 fade-me \">\n\n        <h2>Exhibitions<\/h2>\n        <div class=\"articles grid-2 grid-s-1 grid-m-1 mixitup\" id=\"mix\">\n\n            \n        <article  class=\"grid filter-kittelsenhuset-en\">\n        <a class=\"grid row rg-0\" href=\"https:\/\/www.telemarkmuseum.no\/en\/utstillinger\/kittelsens-drawings-from-jomfruland\/\" aria-label=\"Les mer om Kittelsens drawings from Jomfruland\">\n        <div class=\"img-wrapper \">\n        <img loading=\"lazy\" decoding=\"async\" width=\"720\" height=\"463\" src=\"https:\/\/www.telemarkmuseum.no\/wp-content\/uploads\/Flyvende-fugleflokk-og-graner-ved-havet-720x463.jpg\" class=\"attachment-medium size-medium wp-post-image\" alt=\"Et av bildene i Jomfrulandserien av Theodor Kittelsen. Strand, fugler og graner ut mot havet.\" srcset=\"https:\/\/www.telemarkmuseum.no\/wp-content\/uploads\/Flyvende-fugleflokk-og-graner-ved-havet-720x463.jpg 720w, https:\/\/www.telemarkmuseum.no\/wp-content\/uploads\/Flyvende-fugleflokk-og-graner-ved-havet-1280x824.jpg 1280w, https:\/\/www.telemarkmuseum.no\/wp-content\/uploads\/Flyvende-fugleflokk-og-graner-ved-havet-768x494.jpg 768w, https:\/\/www.telemarkmuseum.no\/wp-content\/uploads\/Flyvende-fugleflokk-og-graner-ved-havet-1536x989.jpg 1536w, https:\/\/www.telemarkmuseum.no\/wp-content\/uploads\/Flyvende-fugleflokk-og-graner-ved-havet-scaled.jpg 2048w\" sizes=\"auto, (max-width: 720px) 100vw, 720px\" \/>\n        <\/div>\n\n        <div class=\"content grid row rg-5\">\n            <h2>Kittelsens drawings from Jomfruland<\/h2>\n            <div class=\"date\"><span class=\"lead\"><\/span><\/div>\n            <div class=\"time\"><\/div>\n\n            <span class=\"read-more\">Les mer Kittelsens drawings from Jomfruland &rarr;<\/span>\n\n            \n        <\/div>\n        <\/a>\n        <\/article>\n        <article  class=\"grid filter-kittelsenhuset-en\">\n        <a class=\"grid row rg-0\" href=\"https:\/\/www.telemarkmuseum.no\/en\/utstillinger\/nokken-in-the-pond-2\/\" aria-label=\"Les mer om N\u00f8kken in the pond\">\n        <div class=\"img-wrapper \">\n        <img loading=\"lazy\" decoding=\"async\" width=\"720\" height=\"481\" src=\"https:\/\/www.telemarkmuseum.no\/wp-content\/uploads\/NG.M.00863_-til-web-720x481.jpg\" class=\"attachment-medium size-medium wp-post-image\" alt=\"N\u00f8kken av Theodor Kittelsen. Foto: Nasjonalmuseet, B\u00f8rre H\u00f8stland\/Lathion, Jacques\" srcset=\"https:\/\/www.telemarkmuseum.no\/wp-content\/uploads\/NG.M.00863_-til-web-720x481.jpg 720w, https:\/\/www.telemarkmuseum.no\/wp-content\/uploads\/NG.M.00863_-til-web-1280x855.jpg 1280w, https:\/\/www.telemarkmuseum.no\/wp-content\/uploads\/NG.M.00863_-til-web-768x513.jpg 768w, https:\/\/www.telemarkmuseum.no\/wp-content\/uploads\/NG.M.00863_-til-web-1536x1026.jpg 1536w, https:\/\/www.telemarkmuseum.no\/wp-content\/uploads\/NG.M.00863_-til-web-scaled.jpg 2048w\" sizes=\"auto, (max-width: 720px) 100vw, 720px\" \/>\n        <\/div>\n\n        <div class=\"content grid row rg-5\">\n            <h2>N\u00f8kken in the pond<\/h2>\n            <div class=\"date\"><span class=\"lead\"><\/span><\/div>\n            <div class=\"time\"><\/div>\n\n            <span class=\"read-more\">Les mer N\u00f8kken in the pond &rarr;<\/span>\n\n            \n        <\/div>\n        <\/a>\n        <\/article>        <\/div>\n\n        \n    <\/div>\n<\/section>\n\n\n\n<section class=\"icons bg\">\n\n    <div class=\"grid-2 grid-s-1 rg-s-60 side-padding jc\">\n\n        <a class=\"grid ac jc rg-30\" href=\"https:\/\/www.telemarkmuseum.no\/en\/kittelsenhuset\/apningstider-og-priser\/\"><span class=\"icon-clock\"><\/span><span>Opening hours and prices<\/span><\/a><a class=\"grid ac jc rg-30\" href=\"https:\/\/sesongkort.duell.no\/telemark-museum\"><span class=\"icon-tickets\"><\/span><span>Annual Pass<\/span><\/a>\n    <\/div>\n\n<\/section>\n\n\n\n\n\n<section class=\"image grid full\">\n    <div class=\"swiper-container\"><div class=\"swiper-wrapper\"><div class=\"swiper-slide img-wrapper\"><img loading=\"lazy\" decoding=\"async\" width=\"1300\" height=\"831\" src=\"https:\/\/www.telemarkmuseum.no\/wp-content\/uploads\/kittelsenhuset-foto-jermansen-media-nett.jpg\" class=\"attachment-full size-full\" alt=\"\" title=\"Kittelsenhuset\" srcset=\"https:\/\/www.telemarkmuseum.no\/wp-content\/uploads\/kittelsenhuset-foto-jermansen-media-nett.jpg 1300w, https:\/\/www.telemarkmuseum.no\/wp-content\/uploads\/kittelsenhuset-foto-jermansen-media-nett-720x460.jpg 720w, https:\/\/www.telemarkmuseum.no\/wp-content\/uploads\/kittelsenhuset-foto-jermansen-media-nett-1280x818.jpg 1280w, https:\/\/www.telemarkmuseum.no\/wp-content\/uploads\/kittelsenhuset-foto-jermansen-media-nett-768x491.jpg 768w\" sizes=\"auto, (max-width: 1300px) 100vw, 1300px\" \/><\/div><div class=\"swiper-slide img-wrapper\"><img loading=\"lazy\" decoding=\"async\" width=\"1984\" height=\"1488\" src=\"https:\/\/www.telemarkmuseum.no\/wp-content\/uploads\/2-1.jpg\" class=\"attachment-full size-full\" alt=\"\" title=\"Kittelsenhuset\" srcset=\"https:\/\/www.telemarkmuseum.no\/wp-content\/uploads\/2-1.jpg 1984w, https:\/\/www.telemarkmuseum.no\/wp-content\/uploads\/2-1-720x540.jpg 720w, https:\/\/www.telemarkmuseum.no\/wp-content\/uploads\/2-1-1280x960.jpg 1280w, https:\/\/www.telemarkmuseum.no\/wp-content\/uploads\/2-1-768x576.jpg 768w, https:\/\/www.telemarkmuseum.no\/wp-content\/uploads\/2-1-1536x1152.jpg 1536w\" sizes=\"auto, (max-width: 1984px) 100vw, 1984px\" \/><\/div><div class=\"swiper-slide img-wrapper\"><img loading=\"lazy\" decoding=\"async\" width=\"1984\" height=\"1488\" src=\"https:\/\/www.telemarkmuseum.no\/wp-content\/uploads\/3-1.jpg\" class=\"attachment-full size-full\" alt=\"\" title=\"Kittelsenhuset\" srcset=\"https:\/\/www.telemarkmuseum.no\/wp-content\/uploads\/3-1.jpg 1984w, https:\/\/www.telemarkmuseum.no\/wp-content\/uploads\/3-1-720x540.jpg 720w, https:\/\/www.telemarkmuseum.no\/wp-content\/uploads\/3-1-1280x960.jpg 1280w, https:\/\/www.telemarkmuseum.no\/wp-content\/uploads\/3-1-768x576.jpg 768w, https:\/\/www.telemarkmuseum.no\/wp-content\/uploads\/3-1-1536x1152.jpg 1536w\" sizes=\"auto, (max-width: 1984px) 100vw, 1984px\" \/><\/div><div class=\"swiper-slide img-wrapper\"><img loading=\"lazy\" decoding=\"async\" width=\"1646\" height=\"1233\" src=\"https:\/\/www.telemarkmuseum.no\/wp-content\/uploads\/Kittelsenhuset-malt-av-Svalastoga-1933.jpg\" class=\"attachment-full size-full\" alt=\"\" title=\"Kittelsenhuset malt av Svalastoga 1933\" srcset=\"https:\/\/www.telemarkmuseum.no\/wp-content\/uploads\/Kittelsenhuset-malt-av-Svalastoga-1933.jpg 1646w, https:\/\/www.telemarkmuseum.no\/wp-content\/uploads\/Kittelsenhuset-malt-av-Svalastoga-1933-720x539.jpg 720w, https:\/\/www.telemarkmuseum.no\/wp-content\/uploads\/Kittelsenhuset-malt-av-Svalastoga-1933-1280x959.jpg 1280w, https:\/\/www.telemarkmuseum.no\/wp-content\/uploads\/Kittelsenhuset-malt-av-Svalastoga-1933-768x575.jpg 768w, https:\/\/www.telemarkmuseum.no\/wp-content\/uploads\/Kittelsenhuset-malt-av-Svalastoga-1933-1536x1151.jpg 1536w\" sizes=\"auto, (max-width: 1646px) 100vw, 1646px\" \/><\/div><\/div><div class=\"swiper-pagination\"><\/div><div class=\"swiper-button-prev\"><\/div><div class=\"swiper-button-next\"><\/div><\/div><\/section>\n\n\n\n<section class=\"lead grid-12 side-padding\">\n\n    <div>\n            <\/div>\n    \n<\/section>\n\n\n<section class=\"image grid padding\">\n    <\/section>\n\n\n<section id=\"event-container\" class=\"posts dark elements bg\" data-post-type=\"events\" data-offset=\"3\" data-tax-query=\"\" data-ppp=\"3\">\n\n    \n    <div class=\"grid row side-padding rg-85 fade-me \">\n\n        <h2>Events<\/h2>\n        <div class=\"articles grid-3 grid-s-1 grid-m-1 mixitup\" id=\"mix\">\n\n                    <\/div>\n\n        <a href=\"\/kittelsenhuset\/arrangementer\/\" id=\"load-more\" class=\"jss btn\">More Events<\/a>\n    <\/div>\n<\/section>\n","protected":false},"excerpt":{"rendered":"<p class=\"lead\">Theodor Kittelsen grew up in Krager\u00f8. His childhood home is today a museum, the Kittelsen House.<\/p>\n","protected":false},"author":11,"featured_media":8271,"parent":0,"menu_order":101,"comment_status":"closed","ping_status":"closed","template":"","meta":{"_acf_changed":false,"footnotes":""},"class_list":["post-9164","page","type-page","status-publish","has-post-thumbnail","hentry"],"acf":[],"yoast_head":"<!-- This site is optimized with the Yoast SEO Premium plugin v23.7 (Yoast SEO v26.9) - https:\/\/yoast.com\/product\/yoast-seo-premium-wordpress\/ -->\n<title>The Kittelsen House - Telemark museum<\/title>\n<meta name=\"description\" content=\"Velkommen til Kittelsenhuset i Krager\u00f8, maleren Theodor Kittelsens barndomshjem. Museet \u00e5pner 20. juni og har \u00e5pent hver dag, unntatt mandager\" \/>\n<meta name=\"robots\" content=\"index, follow, max-snippet:-1, max-image-preview:large, max-video-preview:-1\" \/>\n<link rel=\"canonical\" href=\"https:\/\/www.telemarkmuseum.no\/en\/kittelsenhuset\/\" \/>\n<meta property=\"og:locale\" content=\"en_US\" \/>\n<meta property=\"og:type\" content=\"article\" \/>\n<meta property=\"og:title\" content=\"The Kittelsen House\" \/>\n<meta property=\"og:description\" content=\"Velkommen til Kittelsenhuset i Krager\u00f8, maleren Theodor Kittelsens barndomshjem. Museet \u00e5pner 20. juni og har \u00e5pent hver dag, unntatt mandager\" \/>\n<meta property=\"og:url\" content=\"https:\/\/www.telemarkmuseum.no\/en\/kittelsenhuset\/\" \/>\n<meta property=\"og:site_name\" content=\"Telemark museum\" \/>\n<meta property=\"article:modified_time\" content=\"2025-09-22T11:45:46+00:00\" \/>\n<meta property=\"og:image\" content=\"https:\/\/www.telemarkmuseum.no\/wp-content\/uploads\/kittelsenhuset-foto-jermansen-media-nett.jpg\" \/>\n\t<meta property=\"og:image:width\" content=\"1300\" \/>\n\t<meta property=\"og:image:height\" content=\"831\" \/>\n\t<meta property=\"og:image:type\" content=\"image\/jpeg\" \/>\n<meta name=\"twitter:card\" content=\"summary_large_image\" \/>\n<meta name=\"twitter:label1\" content=\"Est. reading time\" \/>\n\t<meta name=\"twitter:data1\" content=\"1 minute\" \/>\n<script type=\"application\/ld+json\" class=\"yoast-schema-graph\">{\"@context\":\"https:\/\/schema.org\",\"@graph\":[{\"@type\":\"WebPage\",\"@id\":\"https:\/\/www.telemarkmuseum.no\/en\/kittelsenhuset\/\",\"url\":\"https:\/\/www.telemarkmuseum.no\/en\/kittelsenhuset\/\",\"name\":\"The Kittelsen House - Telemark museum\",\"isPartOf\":{\"@id\":\"https:\/\/www.telemarkmuseum.no\/#website\"},\"primaryImageOfPage\":{\"@id\":\"https:\/\/www.telemarkmuseum.no\/en\/kittelsenhuset\/#primaryimage\"},\"image\":{\"@id\":\"https:\/\/www.telemarkmuseum.no\/en\/kittelsenhuset\/#primaryimage\"},\"thumbnailUrl\":\"https:\/\/www.telemarkmuseum.no\/wp-content\/uploads\/kittelsenhuset-foto-jermansen-media-nett.jpg\",\"datePublished\":\"2021-01-09T12:40:25+00:00\",\"dateModified\":\"2025-09-22T11:45:46+00:00\",\"description\":\"Velkommen til Kittelsenhuset i Krager\u00f8, maleren Theodor Kittelsens barndomshjem. Museet \u00e5pner 20. juni og har \u00e5pent hver dag, unntatt mandager\",\"breadcrumb\":{\"@id\":\"https:\/\/www.telemarkmuseum.no\/en\/kittelsenhuset\/#breadcrumb\"},\"inLanguage\":\"en-US\",\"potentialAction\":[{\"@type\":\"ReadAction\",\"target\":[\"https:\/\/www.telemarkmuseum.no\/en\/kittelsenhuset\/\"]}]},{\"@type\":\"ImageObject\",\"inLanguage\":\"en-US\",\"@id\":\"https:\/\/www.telemarkmuseum.no\/en\/kittelsenhuset\/#primaryimage\",\"url\":\"https:\/\/www.telemarkmuseum.no\/wp-content\/uploads\/kittelsenhuset-foto-jermansen-media-nett.jpg\",\"contentUrl\":\"https:\/\/www.telemarkmuseum.no\/wp-content\/uploads\/kittelsenhuset-foto-jermansen-media-nett.jpg\",\"width\":1300,\"height\":831},{\"@type\":\"BreadcrumbList\",\"@id\":\"https:\/\/www.telemarkmuseum.no\/en\/kittelsenhuset\/#breadcrumb\",\"itemListElement\":[{\"@type\":\"ListItem\",\"position\":1,\"name\":\"Home\",\"item\":\"https:\/\/www.telemarkmuseum.no\/en\/\"},{\"@type\":\"ListItem\",\"position\":2,\"name\":\"The Kittelsen House\"}]},{\"@type\":\"WebSite\",\"@id\":\"https:\/\/www.telemarkmuseum.no\/#website\",\"url\":\"https:\/\/www.telemarkmuseum.no\/\",\"name\":\"Telemark museum\",\"description\":\"\",\"publisher\":{\"@id\":\"https:\/\/www.telemarkmuseum.no\/#organization\"},\"potentialAction\":[{\"@type\":\"SearchAction\",\"target\":{\"@type\":\"EntryPoint\",\"urlTemplate\":\"https:\/\/www.telemarkmuseum.no\/?s={search_term_string}\"},\"query-input\":{\"@type\":\"PropertyValueSpecification\",\"valueRequired\":true,\"valueName\":\"search_term_string\"}}],\"inLanguage\":\"en-US\"},{\"@type\":\"Organization\",\"@id\":\"https:\/\/www.telemarkmuseum.no\/#organization\",\"name\":\"Telemark museum\",\"url\":\"https:\/\/www.telemarkmuseum.no\/\",\"logo\":{\"@type\":\"ImageObject\",\"inLanguage\":\"en-US\",\"@id\":\"https:\/\/www.telemarkmuseum.no\/#\/schema\/logo\/image\/\",\"url\":\"https:\/\/www.telemarkmuseum.no\/wp-content\/uploads\/logo.svg\",\"contentUrl\":\"https:\/\/www.telemarkmuseum.no\/wp-content\/uploads\/logo.svg\",\"caption\":\"Telemark museum\"},\"image\":{\"@id\":\"https:\/\/www.telemarkmuseum.no\/#\/schema\/logo\/image\/\"}}]}<\/script>\n<!-- \/ Yoast SEO Premium plugin. -->","yoast_head_json":{"title":"The Kittelsen House - Telemark museum","description":"Velkommen til Kittelsenhuset i Krager\u00f8, maleren Theodor Kittelsens barndomshjem. Museet \u00e5pner 20. juni og har \u00e5pent hver dag, unntatt mandager","robots":{"index":"index","follow":"follow","max-snippet":"max-snippet:-1","max-image-preview":"max-image-preview:large","max-video-preview":"max-video-preview:-1"},"canonical":"https:\/\/www.telemarkmuseum.no\/en\/kittelsenhuset\/","og_locale":"en_US","og_type":"article","og_title":"The Kittelsen House","og_description":"Velkommen til Kittelsenhuset i Krager\u00f8, maleren Theodor Kittelsens barndomshjem. Museet \u00e5pner 20. juni og har \u00e5pent hver dag, unntatt mandager","og_url":"https:\/\/www.telemarkmuseum.no\/en\/kittelsenhuset\/","og_site_name":"Telemark museum","article_modified_time":"2025-09-22T11:45:46+00:00","og_image":[{"width":1300,"height":831,"url":"https:\/\/www.telemarkmuseum.no\/wp-content\/uploads\/kittelsenhuset-foto-jermansen-media-nett.jpg","type":"image\/jpeg"}],"twitter_card":"summary_large_image","twitter_misc":{"Est. reading time":"1 minute"},"schema":{"@context":"https:\/\/schema.org","@graph":[{"@type":"WebPage","@id":"https:\/\/www.telemarkmuseum.no\/en\/kittelsenhuset\/","url":"https:\/\/www.telemarkmuseum.no\/en\/kittelsenhuset\/","name":"The Kittelsen House - Telemark museum","isPartOf":{"@id":"https:\/\/www.telemarkmuseum.no\/#website"},"primaryImageOfPage":{"@id":"https:\/\/www.telemarkmuseum.no\/en\/kittelsenhuset\/#primaryimage"},"image":{"@id":"https:\/\/www.telemarkmuseum.no\/en\/kittelsenhuset\/#primaryimage"},"thumbnailUrl":"https:\/\/www.telemarkmuseum.no\/wp-content\/uploads\/kittelsenhuset-foto-jermansen-media-nett.jpg","datePublished":"2021-01-09T12:40:25+00:00","dateModified":"2025-09-22T11:45:46+00:00","description":"Velkommen til Kittelsenhuset i Krager\u00f8, maleren Theodor Kittelsens barndomshjem. Museet \u00e5pner 20. juni og har \u00e5pent hver dag, unntatt mandager","breadcrumb":{"@id":"https:\/\/www.telemarkmuseum.no\/en\/kittelsenhuset\/#breadcrumb"},"inLanguage":"en-US","potentialAction":[{"@type":"ReadAction","target":["https:\/\/www.telemarkmuseum.no\/en\/kittelsenhuset\/"]}]},{"@type":"ImageObject","inLanguage":"en-US","@id":"https:\/\/www.telemarkmuseum.no\/en\/kittelsenhuset\/#primaryimage","url":"https:\/\/www.telemarkmuseum.no\/wp-content\/uploads\/kittelsenhuset-foto-jermansen-media-nett.jpg","contentUrl":"https:\/\/www.telemarkmuseum.no\/wp-content\/uploads\/kittelsenhuset-foto-jermansen-media-nett.jpg","width":1300,"height":831},{"@type":"BreadcrumbList","@id":"https:\/\/www.telemarkmuseum.no\/en\/kittelsenhuset\/#breadcrumb","itemListElement":[{"@type":"ListItem","position":1,"name":"Home","item":"https:\/\/www.telemarkmuseum.no\/en\/"},{"@type":"ListItem","position":2,"name":"The Kittelsen House"}]},{"@type":"WebSite","@id":"https:\/\/www.telemarkmuseum.no\/#website","url":"https:\/\/www.telemarkmuseum.no\/","name":"Telemark museum","description":"","publisher":{"@id":"https:\/\/www.telemarkmuseum.no\/#organization"},"potentialAction":[{"@type":"SearchAction","target":{"@type":"EntryPoint","urlTemplate":"https:\/\/www.telemarkmuseum.no\/?s={search_term_string}"},"query-input":{"@type":"PropertyValueSpecification","valueRequired":true,"valueName":"search_term_string"}}],"inLanguage":"en-US"},{"@type":"Organization","@id":"https:\/\/www.telemarkmuseum.no\/#organization","name":"Telemark museum","url":"https:\/\/www.telemarkmuseum.no\/","logo":{"@type":"ImageObject","inLanguage":"en-US","@id":"https:\/\/www.telemarkmuseum.no\/#\/schema\/logo\/image\/","url":"https:\/\/www.telemarkmuseum.no\/wp-content\/uploads\/logo.svg","contentUrl":"https:\/\/www.telemarkmuseum.no\/wp-content\/uploads\/logo.svg","caption":"Telemark museum"},"image":{"@id":"https:\/\/www.telemarkmuseum.no\/#\/schema\/logo\/image\/"}}]}},"_links":{"self":[{"href":"https:\/\/www.telemarkmuseum.no\/en\/wp-json\/wp\/v2\/pages\/9164","targetHints":{"allow":["GET"]}}],"collection":[{"href":"https:\/\/www.telemarkmuseum.no\/en\/wp-json\/wp\/v2\/pages"}],"about":[{"href":"https:\/\/www.telemarkmuseum.no\/en\/wp-json\/wp\/v2\/types\/page"}],"author":[{"embeddable":true,"href":"https:\/\/www.telemarkmuseum.no\/en\/wp-json\/wp\/v2\/users\/11"}],"replies":[{"embeddable":true,"href":"https:\/\/www.telemarkmuseum.no\/en\/wp-json\/wp\/v2\/comments?post=9164"}],"version-history":[{"count":27,"href":"https:\/\/www.telemarkmuseum.no\/en\/wp-json\/wp\/v2\/pages\/9164\/revisions"}],"predecessor-version":[{"id":143020,"href":"https:\/\/www.telemarkmuseum.no\/en\/wp-json\/wp\/v2\/pages\/9164\/revisions\/143020"}],"wp:featuredmedia":[{"embeddable":true,"href":"https:\/\/www.telemarkmuseum.no\/en\/wp-json\/wp\/v2\/media\/8271"}],"wp:attachment":[{"href":"https:\/\/www.telemarkmuseum.no\/en\/wp-json\/wp\/v2\/media?parent=9164"}],"curies":[{"name":"wp","href":"https:\/\/api.w.org\/{rel}","templated":true}]}}